{"id":19315,"date":"2026-02-02T10:57:44","date_gmt":"2026-02-02T07:57:44","guid":{"rendered":"https:\/\/packmarkt.com\/product\/kuti-veglash-plastike-ekonomike-me-ndarje-organizuese-160x320x130mm\/"},"modified":"2026-02-02T10:57:44","modified_gmt":"2026-02-02T07:57:44","slug":"kuti-veglash-plastike-ekonomike-me-ndarje-organizuese-160x320x130mm","status":"publish","type":"product","link":"https:\/\/packmarkt.com\/sq\/produkt\/kuti-veglash-plastike-ekonomike-me-ndarje-organizuese-160x320x130mm\/","title":{"rendered":"Kuti veglash plastike ekonomike me ndarje organizuese 160x320x130mm"},"content":{"rendered":"<p>Kuti veglash plastike me organizues t\u00eb integruar n\u00eb kapak. Ideale p\u00ebr ruajtje t\u00eb sigurt dhe transport t\u00eb leht\u00eb t\u00eb veglave dhe aksesor\u00ebve t\u00eb vegj\u00ebl. <\/p>\n<p><strong>Karakteristika &amp; P\u00ebrfitime:<\/strong><\/p>\n<ul>\n<li> Konstruksion plastik i q\u00ebndruesh\u00ebm p\u00ebr p\u00ebrdorim t\u00eb p\u00ebrditsh\u00ebm<\/li>\n<li>Organizues i integruar p\u00ebr vida, objekte t\u00eb vogla dhe materiale harxhuese<\/li>\n<li>E leht\u00eb dhe praktike p\u00ebr t&#8217;u transportuar<\/li>\n<li>Organizim i mir\u00eb i veglave pa rr\u00ebmuj\u00eb<\/li>\n<li>E p\u00ebrshtatshme p\u00ebr p\u00ebrdorim profesional dhe sht\u00ebpiak<\/li>\n<\/ul>\n<p><strong>Specifikime Teknike:<\/strong><\/p>\n<ul>\n<li><strong data-start=\"865\" data-end=\"880\">P\u00ebrmasat:<\/strong> 160x320x130mm<\/li>\n<li><strong data-start=\"912\" data-end=\"922\">Pesha:<\/strong> 497gr<\/li>\n<li><strong>Paketimi:<\/strong> 18 cop\u00eb<\/li>\n<li><strong>P\u00ebrmasat e paketimit:<\/strong> 379x496x505mm<\/li>\n<\/ul>\n<p><strong>Aplikime:<\/strong><\/p>\n<ul>\n<li>Ruajtje dhe transport i veglave t\u00eb dor\u00ebs<\/li>\n<li>Organizim i vidave, tapave, aksesor\u00ebve<\/li>\n<li>Artizan\u00eb, elektricist\u00eb, hidraulik\u00eb<\/li>\n<li>Kuti mjetesh p\u00ebr makin\u00eb ose punishte<\/li>\n<li>P\u00ebrdorim sht\u00ebpiak<\/li>\n<\/ul>\n","protected":false},"excerpt":{"rendered":"<p><strong>Kodi: <\/strong>PE01-13<br \/>\n<strong data-start=\"865\" data-end=\"880\">P\u00ebrmasat:<\/strong> 160x320x130mm<br \/>\n<strong data-start=\"912\" data-end=\"922\">Pesha:<\/strong> 497gr<br \/>\n<strong>Paketimi:<\/strong> 18 cop\u00eb<br \/>\n<strong>P\u00ebrmasat e paketimit:<\/strong> 379x496x505mm<\/p>\n","protected":false},"featured_media":16691,"template":"","meta":[],"product_brand":[],"product_cat":[1284],"product_tag":[],"class_list":{"0":"post-19315","1":"product","2":"type-product","3":"status-publish","4":"has-post-thumbnail","6":"product_cat-kutia-veglash","7":"ts_product_brand-port-bag","9":"first","10":"instock","11":"taxable","12":"shipping-taxable","13":"product-type-simple"},"aioseo_notices":[],"_links":{"self":[{"href":"https:\/\/packmarkt.com\/sq\/wp-json\/wp\/v2\/product\/19315","targetHints":{"allow":["GET"]}}],"collection":[{"href":"https:\/\/packmarkt.com\/sq\/wp-json\/wp\/v2\/product"}],"about":[{"href":"https:\/\/packmarkt.com\/sq\/wp-json\/wp\/v2\/types\/product"}],"wp:featuredmedia":[{"embeddable":true,"href":"https:\/\/packmarkt.com\/sq\/wp-json\/wp\/v2\/media\/16691"}],"wp:attachment":[{"href":"https:\/\/packmarkt.com\/sq\/wp-json\/wp\/v2\/media?parent=19315"}],"wp:term":[{"taxonomy":"product_brand","embeddable":true,"href":"https:\/\/packmarkt.com\/sq\/wp-json\/wp\/v2\/product_brand?post=19315"},{"taxonomy":"product_cat","embeddable":true,"href":"https:\/\/packmarkt.com\/sq\/wp-json\/wp\/v2\/product_cat?post=19315"},{"taxonomy":"product_tag","embeddable":true,"href":"https:\/\/packmarkt.com\/sq\/wp-json\/wp\/v2\/product_tag?post=19315"}],"curies":[{"name":"wp","href":"https:\/\/api.w.org\/{rel}","templated":true}]}}